{"id":2,"date":"2017-02-25T16:43:26","date_gmt":"2017-02-25T16:43:26","guid":{"rendered":"http:\/\/www.calvoscasas.com\/wordpress\/?page_id=2"},"modified":"2021-12-07T18:18:12","modified_gmt":"2021-12-07T18:18:12","slug":"aanbod","status":"publish","type":"page","link":"https:\/\/www.calvoscasas.com\/pt\/","title":{"rendered":"Ofertas"},"content":{"rendered":"<p><\/p>\n<p>Novos objectos s\u00e3o regularmente adicionados ao nosso site para lhe dar uma impress\u00e3o das possibilidades. No entanto, continua a ser apenas uma pequena selec\u00e7\u00e3o da oferta total. As fotografias n\u00e3o dizem tudo, mas d\u00e3o uma impress\u00e3o e esperamos poder despertar o seu interesse por esta bela \u00e1rea com a sua popula\u00e7\u00e3o simp\u00e1tica e hospitaleira.<\/p>\n<p>Tem desejos ou perguntas espec\u00edficas? Por favor n\u00e3o hesite em contactar-nos para que lhe possamos prestar ainda melhor servi\u00e7o.<\/p>\n<p><\/p>\n<div class=\"pt-cv-wrapper\"><div class=\"pt-cv-view pt-cv-grid pt-cv-colsys pt-cv-sharp-buttons\" id=\"pt-cv-view-3201b6bu6z\"><div data-id=\"pt-cv-page-1\" class=\"pt-cv-page\" data-cvc=\"5\"><div class=\"col-md-2 col-sm-3 col-xs-4 pt-cv-content-item pt-cv-1-col\"  data-pid=\"289\"><div class='pt-cv-ifield'><a href=\"https:\/\/www.calvoscasas.com\/pt\/e-15-000-ref-666-614\/\" class=\"_self pt-cv-href-thumbnail pt-cv-thumb-default cvplbd\" target=\"_self\" ><img decoding=\"async\" width=\"400\" src=\"http:\/\/www.calvoscasas.com\/wp-content\/uploads\/2017\/02\/IMG_1027.jpg\" class=\"pt-cv-thumbnail img-none cvp-substitute\" alt=\"\u20ac 15.000  - ref. 666.614\" style=\"width: 400px;\" \/><\/a>\n<h4 class=\"pt-cv-title\"><a href=\"https:\/\/www.calvoscasas.com\/pt\/e-15-000-ref-666-614\/\" class=\"_self cvplbd\" target=\"_self\" >\u20ac 15.000  &#8211; ref. 666.614<\/a><\/h4>\n<div class=\"pt-cv-content\">Stuk landbouwgrond, goed bereikbaar ...<br \/><div class=\"pt-cv-rmwrap\"><a href=\"https:\/\/www.calvoscasas.com\/pt\/e-15-000-ref-666-614\/\" class=\"_self pt-cv-readmore btn btn-success cvplbd\" target=\"_self\">Read More<\/a><\/div><\/div><\/div><\/div>\n<div class=\"col-md-2 col-sm-3 col-xs-4 pt-cv-content-item pt-cv-1-col\"  data-pid=\"299\"><div class='pt-cv-ifield'><a href=\"https:\/\/www.calvoscasas.com\/pt\/e-20-000-prijs-verlaagd-ref-528-308\/\" class=\"_self pt-cv-href-thumbnail pt-cv-thumb-default cvplbd\" target=\"_self\" ><img decoding=\"async\" width=\"400\" src=\"https:\/\/www.calvoscasas.com\/wp-content\/uploads\/2017\/05\/Imagem-001.jpg\" class=\"pt-cv-thumbnail img-none cvp-substitute\" alt=\"\u20ac 20.000 (prijs verlaagd!) - ref. 528.308\" style=\"width: 400px;\" \/><\/a>\n<h4 class=\"pt-cv-title\"><a href=\"https:\/\/www.calvoscasas.com\/pt\/e-20-000-prijs-verlaagd-ref-528-308\/\" class=\"_self cvplbd\" target=\"_self\" >\u20ac 20.000 (prijs verlaagd!) &#8211; ref. 528.308<\/a><\/h4>\n<div class=\"pt-cv-content\">3.000 m2 bouwgrond met bouwvergunning!!! ...<br \/><div class=\"pt-cv-rmwrap\"><a href=\"https:\/\/www.calvoscasas.com\/pt\/e-20-000-prijs-verlaagd-ref-528-308\/\" class=\"_self pt-cv-readmore btn btn-success cvplbd\" target=\"_self\">Read More<\/a><\/div><\/div><\/div><\/div>\n<div class=\"col-md-2 col-sm-3 col-xs-4 pt-cv-content-item pt-cv-1-col\"  data-pid=\"70\"><div class='pt-cv-ifield'><a href=\"https:\/\/www.calvoscasas.com\/pt\/een-bouwterrein-van-437-m2-in-de-douro-streek\/\" class=\"_self pt-cv-href-thumbnail pt-cv-thumb-default cvplbd\" target=\"_self\" ><img decoding=\"async\" width=\"400\" src=\"https:\/\/www.calvoscasas.com\/wp-content\/uploads\/2017\/03\/1338069613_384880782_1-Fotos-de-Terrenos-no-Douro-Varias-areas-1-e1497522945138.jpg\" class=\"pt-cv-thumbnail img-none cvp-substitute\" alt=\"\u20ac 20.000 - ref. 635.512\" style=\"width: 400px;\" \/><\/a>\n<h4 class=\"pt-cv-title\"><a href=\"https:\/\/www.calvoscasas.com\/pt\/een-bouwterrein-van-437-m2-in-de-douro-streek\/\" class=\"_self cvplbd\" target=\"_self\" >\u20ac 20.000 &#8211; ref. 635.512<\/a><\/h4>\n<div class=\"pt-cv-content\">Een bouwterrein van 437 m2 in de Douro streek ...<br \/><div class=\"pt-cv-rmwrap\"><a href=\"https:\/\/www.calvoscasas.com\/pt\/een-bouwterrein-van-437-m2-in-de-douro-streek\/\" class=\"_self pt-cv-readmore btn btn-success cvplbd\" target=\"_self\">Read More<\/a><\/div><\/div><\/div><\/div>\n<div class=\"col-md-2 col-sm-3 col-xs-4 pt-cv-content-item pt-cv-1-col\"  data-pid=\"331\"><div class='pt-cv-ifield'><a href=\"https:\/\/www.calvoscasas.com\/pt\/e-20-000-ref-572-209\/\" class=\"_self pt-cv-href-thumbnail pt-cv-thumb-default cvplbd\" target=\"_self\" ><img loading=\"lazy\" decoding=\"async\" width=\"400\" height=\"300\" style=\"max-height: 300px;\" src=\"https:\/\/www.calvoscasas.com\/wp-content\/plugins\/pt-content-views-pro\/public\/assets\/images\/default_image.png\" class=\"pt-cv-thumbnail img-none not-found\" alt=\"\u20ac 20.000 - ref. 572.209\" \/><\/a>\n<h4 class=\"pt-cv-title\"><a href=\"https:\/\/www.calvoscasas.com\/pt\/e-20-000-ref-572-209\/\" class=\"_self cvplbd\" target=\"_self\" >\u20ac 20.000 &#8211; ref. 572.209<\/a><\/h4>\n<div class=\"pt-cv-content\">Diverse bouwkavels vanaf 1000 m2 aan de rand bij Abadim (Cabeceiras de Basto) vanaf 20.000 ...<br \/><div class=\"pt-cv-rmwrap\"><a href=\"https:\/\/www.calvoscasas.com\/pt\/e-20-000-ref-572-209\/\" class=\"_self pt-cv-readmore btn btn-success cvplbd\" target=\"_self\">Read More<\/a><\/div><\/div><\/div><\/div>\n<div class=\"col-md-4 col-sm-3 col-xs-4 pt-cv-content-item pt-cv-1-col\"  data-pid=\"324\"><div class='pt-cv-ifield'><a href=\"https:\/\/www.calvoscasas.com\/pt\/e-22-000-ref-178-102\/\" class=\"_self pt-cv-href-thumbnail pt-cv-thumb-default cvplbd\" target=\"_self\" ><img decoding=\"async\" width=\"400\" src=\"https:\/\/www.calvoscasas.com\/wp-content\/uploads\/2017\/05\/P1300022.jpg\" class=\"pt-cv-thumbnail img-none cvp-substitute\" alt=\"\u20ac 22.000 - ref. 178.102\" style=\"width: 400px;\" \/><\/a>\n<h4 class=\"pt-cv-title\"><a href=\"https:\/\/www.calvoscasas.com\/pt\/e-22-000-ref-178-102\/\" class=\"_self cvplbd\" target=\"_self\" >\u20ac 22.000 &#8211; ref. 178.102<\/a><\/h4>\n<div class=\"pt-cv-content\">Bouwgrond op minder dan 2 km. vanaf Vieira do Minho ...<br \/><div class=\"pt-cv-rmwrap\"><a href=\"https:\/\/www.calvoscasas.com\/pt\/e-22-000-ref-178-102\/\" class=\"_self pt-cv-readmore btn btn-success cvplbd\" target=\"_self\">Read More<\/a><\/div><\/div><\/div><\/div>\n<div class=\"col-md-2 col-sm-3 col-xs-4 pt-cv-content-item pt-cv-1-col\"  data-pid=\"333\"><div class='pt-cv-ifield'><a href=\"https:\/\/www.calvoscasas.com\/pt\/e-30-000-prijs-verlaagd-ref-431-1106\/\" class=\"_self pt-cv-href-thumbnail pt-cv-thumb-default cvplbd\" target=\"_self\" ><img decoding=\"async\" width=\"400\" src=\"https:\/\/www.calvoscasas.com\/wp-content\/uploads\/2017\/05\/IMG_1292.jpg\" class=\"pt-cv-thumbnail img-none cvp-substitute\" alt=\"\u20ac 30.000 (prijs verlaagd!) - ref. 431.1106\" style=\"width: 400px;\" \/><\/a>\n<h4 class=\"pt-cv-title\"><a href=\"https:\/\/www.calvoscasas.com\/pt\/e-30-000-prijs-verlaagd-ref-431-1106\/\" class=\"_self cvplbd\" target=\"_self\" >\u20ac 30.000 (prijs verlaagd!) &#8211; ref. 431.1106<\/a><\/h4>\n<div class=\"pt-cv-content\">Aan de rand van een rustig dorpje op het grondgebied van Fafe ligt dit zonnige terrein met twee opstallen. Zonnige ...<br \/><div class=\"pt-cv-rmwrap\"><a href=\"https:\/\/www.calvoscasas.com\/pt\/e-30-000-prijs-verlaagd-ref-431-1106\/\" class=\"_self pt-cv-readmore btn btn-success cvplbd\" target=\"_self\">Read More<\/a><\/div><\/div><\/div><\/div>\n<div class=\"col-md-2 col-sm-3 col-xs-4 pt-cv-content-item pt-cv-1-col\"  data-pid=\"351\"><div class='pt-cv-ifield'><a href=\"https:\/\/www.calvoscasas.com\/pt\/e-30-000-ref-668-614\/\" class=\"_self pt-cv-href-thumbnail pt-cv-thumb-default cvplbd\" target=\"_self\" ><img decoding=\"async\" width=\"400\" src=\"https:\/\/www.calvoscasas.com\/wp-content\/uploads\/2017\/05\/IMG_1039.jpg\" class=\"pt-cv-thumbnail img-none cvp-substitute\" alt=\"\u20ac 30.000 - ref. 668.614\" style=\"width: 400px;\" \/><\/a>\n<h4 class=\"pt-cv-title\"><a href=\"https:\/\/www.calvoscasas.com\/pt\/e-30-000-ref-668-614\/\" class=\"_self cvplbd\" target=\"_self\" >\u20ac 30.000 &#8211; ref. 668.614<\/a><\/h4>\n<div class=\"pt-cv-content\">Ongeveer 1,5 ha. landbouwgrond, net buiten het dorp op ongeveer 13 km. vanaf Cabeceiras de Basto ...<br \/><div class=\"pt-cv-rmwrap\"><a href=\"https:\/\/www.calvoscasas.com\/pt\/e-30-000-ref-668-614\/\" class=\"_self pt-cv-readmore btn btn-success cvplbd\" target=\"_self\">Read More<\/a><\/div><\/div><\/div><\/div>\n<div class=\"col-md-2 col-sm-3 col-xs-4 pt-cv-content-item pt-cv-1-col\"  data-pid=\"518\"><div class='pt-cv-ifield'><a href=\"https:\/\/www.calvoscasas.com\/pt\/e-50-000-ref-180-102\/\" class=\"_self pt-cv-href-thumbnail pt-cv-thumb-default cvplbd\" target=\"_self\" ><img decoding=\"async\" width=\"400\" src=\"https:\/\/www.calvoscasas.com\/wp-content\/uploads\/2017\/06\/P1300023.jpg\" class=\"pt-cv-thumbnail img-none cvp-substitute\" alt=\"\u20ac 50.000 - ref. 180.102\" style=\"width: 400px;\" \/><\/a>\n<h4 class=\"pt-cv-title\"><a href=\"https:\/\/www.calvoscasas.com\/pt\/e-50-000-ref-180-102\/\" class=\"_self cvplbd\" target=\"_self\" >\u20ac 50.000 &#8211; ref. 180.102<\/a><\/h4>\n<div class=\"pt-cv-content\">Bouwval op terrein waar evt. twee woningen mogen worden gebouwd. Het terrein ligt op korte afstand van Vieira do Minho ...<br \/><div class=\"pt-cv-rmwrap\"><a href=\"https:\/\/www.calvoscasas.com\/pt\/e-50-000-ref-180-102\/\" class=\"_self pt-cv-readmore btn btn-success cvplbd\" target=\"_self\">Read More<\/a><\/div><\/div><\/div><\/div>\n<div class=\"col-md-2 col-sm-3 col-xs-4 pt-cv-content-item pt-cv-1-col\"  data-pid=\"4589\"><div class='pt-cv-ifield'><a href=\"https:\/\/www.calvoscasas.com\/pt\/prachtig-terrein-van-1400-m%c2%b2-in-cabeceiras-de-basto-2\/\" class=\"_self pt-cv-href-thumbnail pt-cv-thumb-default cvplbd\" target=\"_self\" ><img decoding=\"async\" width=\"400\" src=\"https:\/\/www.calvoscasas.com\/wp-content\/uploads\/2024\/09\/IMG_0201-1024x768.jpg\" class=\"pt-cv-thumbnail img-none cvp-substitute\" alt=\"50.000\u20ac - ref. 818.924  Unieke kans: Snel uw eigen huis bouwen door goedgekeurd project!\" style=\"width: 400px;\" \/><\/a>\n<h4 class=\"pt-cv-title\"><a href=\"https:\/\/www.calvoscasas.com\/pt\/prachtig-terrein-van-1400-m%c2%b2-in-cabeceiras-de-basto-2\/\" class=\"_self cvplbd\" target=\"_self\" >50.000\u20ac &#8211; ref. 818.924  Unieke kans: Snel uw eigen huis bouwen door goedgekeurd project!<\/a><\/h4>\n<div class=\"pt-cv-content\">Prachtige bouwlocatie, zonnig en met prachtig uitzicht Ontdek dit bijzondere perceel van 1400 m\u00b2, perfect gelegen op slechts 5 km ...<br \/><div class=\"pt-cv-rmwrap\"><a href=\"https:\/\/www.calvoscasas.com\/pt\/prachtig-terrein-van-1400-m%c2%b2-in-cabeceiras-de-basto-2\/\" class=\"_self pt-cv-readmore btn btn-success cvplbd\" target=\"_self\">Read More<\/a><\/div><\/div><\/div><\/div>\n<div class=\"col-md-4 col-sm-3 col-xs-4 pt-cv-content-item pt-cv-1-col\"  data-pid=\"524\"><div class='pt-cv-ifield'><a href=\"https:\/\/www.calvoscasas.com\/pt\/e-50-000-ref-221-602\/\" class=\"_self pt-cv-href-thumbnail pt-cv-thumb-default cvplbd\" target=\"_self\" ><img decoding=\"async\" width=\"400\" src=\"https:\/\/www.calvoscasas.com\/wp-content\/uploads\/2017\/06\/P6220036.jpg\" class=\"pt-cv-thumbnail img-none cvp-substitute\" alt=\"\u20ac 55.000 - ref. 221.602\" style=\"width: 400px;\" \/><\/a>\n<h4 class=\"pt-cv-title\"><a href=\"https:\/\/www.calvoscasas.com\/pt\/e-50-000-ref-221-602\/\" class=\"_self cvplbd\" target=\"_self\" >\u20ac 55.000 &#8211; ref. 221.602<\/a><\/h4>\n<div class=\"pt-cv-content\">Schuur (6 x 13) van graniet met minstens 12.000 m2 grond in Juguelhe. Hoog gelegen (ongeveer 800 m.) buiten het ...<br \/><div class=\"pt-cv-rmwrap\"><a href=\"https:\/\/www.calvoscasas.com\/pt\/e-50-000-ref-221-602\/\" class=\"_self pt-cv-readmore btn btn-success cvplbd\" target=\"_self\">Read More<\/a><\/div><\/div><\/div><\/div>\n<div class=\"col-md-2 col-sm-3 col-xs-4 pt-cv-content-item pt-cv-1-col\"  data-pid=\"643\"><div class='pt-cv-ifield'><a href=\"https:\/\/www.calvoscasas.com\/pt\/e-70-000-ref-555-808\/\" class=\"_self pt-cv-href-thumbnail pt-cv-thumb-default cvplbd\" target=\"_self\" ><img decoding=\"async\" width=\"400\" src=\"https:\/\/www.calvoscasas.com\/wp-content\/uploads\/2017\/06\/huis-056.jpg\" class=\"pt-cv-thumbnail img-none cvp-substitute\" alt=\"\u20ac 70.000 - ref. 555.808\" style=\"width: 400px;\" \/><\/a>\n<h4 class=\"pt-cv-title\"><a href=\"https:\/\/www.calvoscasas.com\/pt\/e-70-000-ref-555-808\/\" class=\"_self cvplbd\" target=\"_self\" >\u20ac 70.000 &#8211; ref. 555.808<\/a><\/h4>\n<div class=\"pt-cv-content\">Eenvoudige, maar direct bewoonbare woning met 2 slaapkamers en badkamer, schuur en zolderruimte op ongeveer 1400 m2 grond met eigen ...<br \/><div class=\"pt-cv-rmwrap\"><a href=\"https:\/\/www.calvoscasas.com\/pt\/e-70-000-ref-555-808\/\" class=\"_self pt-cv-readmore btn btn-success cvplbd\" target=\"_self\">Read More<\/a><\/div><\/div><\/div><\/div>\n<div class=\"col-md-2 col-sm-3 col-xs-4 pt-cv-content-item pt-cv-1-col\"  data-pid=\"670\"><div class='pt-cv-ifield'><a href=\"https:\/\/www.calvoscasas.com\/pt\/e-75-000-ref-589-909\/\" class=\"_self pt-cv-href-thumbnail pt-cv-thumb-default cvplbd\" target=\"_self\" ><img decoding=\"async\" width=\"400\" src=\"https:\/\/www.calvoscasas.com\/wp-content\/uploads\/2017\/06\/1-3.jpg\" class=\"pt-cv-thumbnail img-none cvp-substitute\" alt=\"\u20ac 75.000 - ref. 589.909\" style=\"width: 400px;\" \/><\/a>\n<h4 class=\"pt-cv-title\"><a href=\"https:\/\/www.calvoscasas.com\/pt\/e-75-000-ref-589-909\/\" class=\"_self cvplbd\" target=\"_self\" >\u20ac 75.000 &#8211; ref. 589.909<\/a><\/h4>\n<div class=\"pt-cv-content\">Een granieten huis (400 m2) in Santarem (omg.Lissabon) met een grote tuin van 1520 m2 met 7 verschillende soorten fruitbomen, ...<br \/><div class=\"pt-cv-rmwrap\"><a href=\"https:\/\/www.calvoscasas.com\/pt\/e-75-000-ref-589-909\/\" class=\"_self pt-cv-readmore btn btn-success cvplbd\" target=\"_self\">Read More<\/a><\/div><\/div><\/div><\/div>\n<div class=\"col-md-2 col-sm-3 col-xs-4 pt-cv-content-item pt-cv-1-col\"  data-pid=\"2154\"><div class='pt-cv-ifield'><a href=\"https:\/\/www.calvoscasas.com\/pt\/e-95-000-ref-707-517\/\" class=\"_self pt-cv-href-thumbnail pt-cv-thumb-default cvplbd\" target=\"_self\" ><img decoding=\"async\" width=\"400\" src=\"https:\/\/www.calvoscasas.com\/wp-content\/uploads\/2017\/07\/IMG_2023-1.jpg\" class=\"pt-cv-thumbnail img-none cvp-substitute\" alt=\"\u20ac 95.000 - ref. 707.517\" style=\"width: 400px;\" \/><\/a>\n<h4 class=\"pt-cv-title\"><a href=\"https:\/\/www.calvoscasas.com\/pt\/e-95-000-ref-707-517\/\" class=\"_self cvplbd\" target=\"_self\" >\u20ac 95.000 &#8211; ref. 707.517<\/a><\/h4>\n<div class=\"pt-cv-content\">19 ha. direct grenzend aan de rivier de T\u00e2mega. Groot terrein van meer dan 190.000 m2. met eigen water, gedeeltelijk ...<br \/><div class=\"pt-cv-rmwrap\"><a href=\"https:\/\/www.calvoscasas.com\/pt\/e-95-000-ref-707-517\/\" class=\"_self pt-cv-readmore btn btn-success cvplbd\" target=\"_self\">Read More<\/a><\/div><\/div><\/div><\/div>\n<div class=\"col-md-2 col-sm-3 col-xs-4 pt-cv-content-item pt-cv-1-col\"  data-pid=\"703\"><div class='pt-cv-ifield'><a href=\"https:\/\/www.calvoscasas.com\/pt\/e-95-000-ref-356-1204\/\" class=\"_self pt-cv-href-thumbnail pt-cv-thumb-default cvplbd\" target=\"_self\" ><img decoding=\"async\" width=\"400\" src=\"https:\/\/www.calvoscasas.com\/wp-content\/uploads\/2017\/06\/PC310004.jpg\" class=\"pt-cv-thumbnail img-none cvp-substitute\" alt=\"\u20ac 95.000 - ref. 356.1204\" style=\"width: 400px;\" \/><\/a>\n<h4 class=\"pt-cv-title\"><a href=\"https:\/\/www.calvoscasas.com\/pt\/e-95-000-ref-356-1204\/\" class=\"_self cvplbd\" target=\"_self\" >\u20ac 95.000 &#8211; ref. 356.1204<\/a><\/h4>\n<div class=\"pt-cv-content\">Een object bestaande uit drie panden en canastro midden in een dorpje zo&#8217;n 10 km. buiten Cabeceiras de Basto. E\u00e9n ...<br \/><div class=\"pt-cv-rmwrap\"><a href=\"https:\/\/www.calvoscasas.com\/pt\/e-95-000-ref-356-1204\/\" class=\"_self pt-cv-readmore btn btn-success cvplbd\" target=\"_self\">Read More<\/a><\/div><\/div><\/div><\/div>\n<div class=\"col-md-4 col-sm-3 col-xs-4 pt-cv-content-item pt-cv-1-col\"  data-pid=\"739\"><div class='pt-cv-ifield'><a href=\"https:\/\/www.calvoscasas.com\/pt\/e-100-000-ref-336-604\/\" class=\"_self pt-cv-href-thumbnail pt-cv-thumb-default cvplbd\" target=\"_self\" ><img decoding=\"async\" width=\"400\" src=\"https:\/\/www.calvoscasas.com\/wp-content\/uploads\/2017\/06\/NP-336.jpg\" class=\"pt-cv-thumbnail img-none cvp-substitute\" alt=\"\u20ac 100.000 - ref. 336.604\" style=\"width: 400px;\" \/><\/a>\n<h4 class=\"pt-cv-title\"><a href=\"https:\/\/www.calvoscasas.com\/pt\/e-100-000-ref-336-604\/\" class=\"_self cvplbd\" target=\"_self\" >\u20ac 100.000 &#8211; ref. 336.604<\/a><\/h4>\n<div class=\"pt-cv-content\">Een te restaureren granieten pand met ruim 2 ha. grond, gedeeltelijk direct grenzend aan het stuwmeer. Terrein met fruitbomen, eucalyptus- ...<br \/><div class=\"pt-cv-rmwrap\"><a href=\"https:\/\/www.calvoscasas.com\/pt\/e-100-000-ref-336-604\/\" class=\"_self pt-cv-readmore btn btn-success cvplbd\" target=\"_self\">Read More<\/a><\/div><\/div><\/div><\/div>\n<div class=\"col-md-2 col-sm-3 col-xs-4 pt-cv-content-item pt-cv-1-col\"  data-pid=\"884\"><div class='pt-cv-ifield'><a href=\"https:\/\/www.calvoscasas.com\/pt\/e-115-00-ref-154-702\/\" class=\"_self pt-cv-href-thumbnail pt-cv-thumb-default cvplbd\" target=\"_self\" ><img decoding=\"async\" width=\"400\" src=\"https:\/\/www.calvoscasas.com\/wp-content\/uploads\/2017\/06\/voorgevel.jpg\" class=\"pt-cv-thumbnail img-none cvp-substitute\" alt=\"\u20ac 115.00 - ref. 154.702\" style=\"width: 400px;\" \/><\/a>\n<h4 class=\"pt-cv-title\"><a href=\"https:\/\/www.calvoscasas.com\/pt\/e-115-00-ref-154-702\/\" class=\"_self cvplbd\" target=\"_self\" >\u20ac 115.00 &#8211; ref. 154.702<\/a><\/h4>\n<div class=\"pt-cv-content\">In een buitenwijk van Fafe ligt deze mooie woning met voor- en achtertuin en grote garage. Bj. 1991, perceelopp. 210 ...<br \/><div class=\"pt-cv-rmwrap\"><a href=\"https:\/\/www.calvoscasas.com\/pt\/e-115-00-ref-154-702\/\" class=\"_self pt-cv-readmore btn btn-success cvplbd\" target=\"_self\">Read More<\/a><\/div><\/div><\/div><\/div>\n<div class=\"col-md-2 col-sm-3 col-xs-4 pt-cv-content-item pt-cv-1-col\"  data-pid=\"938\"><div class='pt-cv-ifield'><a href=\"https:\/\/www.calvoscasas.com\/pt\/e-125-00-ref-557-808\/\" class=\"_self pt-cv-href-thumbnail pt-cv-thumb-default cvplbd\" target=\"_self\" ><img decoding=\"async\" width=\"400\" src=\"https:\/\/www.calvoscasas.com\/wp-content\/uploads\/2017\/06\/3-6.jpg\" class=\"pt-cv-thumbnail img-none cvp-substitute\" alt=\"\u20ac 125.00 - ref. 557.808\" style=\"width: 400px;\" \/><\/a>\n<h4 class=\"pt-cv-title\"><a href=\"https:\/\/www.calvoscasas.com\/pt\/e-125-00-ref-557-808\/\" class=\"_self cvplbd\" target=\"_self\" >\u20ac 125.00 &#8211; ref. 557.808<\/a><\/h4>\n<div class=\"pt-cv-content\">Quinta van graniet met 5 slaapkamers. Beneden adega met authentieke wijntrapbak, wijnpers etc. Woonverdieping: 2 x hal, gang, woonkamer, eetkeuken, ...<br \/><div class=\"pt-cv-rmwrap\"><a href=\"https:\/\/www.calvoscasas.com\/pt\/e-125-00-ref-557-808\/\" class=\"_self pt-cv-readmore btn btn-success cvplbd\" target=\"_self\">Read More<\/a><\/div><\/div><\/div><\/div>\n<div class=\"col-md-2 col-sm-3 col-xs-4 pt-cv-content-item pt-cv-1-col\"  data-pid=\"3287\"><div class='pt-cv-ifield'><a href=\"https:\/\/www.calvoscasas.com\/pt\/e-150-000-ref-713-919\/\" class=\"_self pt-cv-href-thumbnail pt-cv-thumb-default cvplbd\" target=\"_self\" ><img loading=\"lazy\" decoding=\"async\" width=\"400\" height=\"300\" style=\"max-height: 300px;\" src=\"https:\/\/www.calvoscasas.com\/wp-content\/plugins\/pt-content-views-pro\/public\/assets\/images\/default_image.png\" class=\"pt-cv-thumbnail img-none not-found\" alt=\"(Nederlands) \u20ac 150.000  ref. 713.919\" \/><\/a>\n<h4 class=\"pt-cv-title\"><a href=\"https:\/\/www.calvoscasas.com\/pt\/e-150-000-ref-713-919\/\" class=\"_self cvplbd\" target=\"_self\" >(Nederlands) \u20ac 150.000  ref. 713.919<\/a><\/h4>\n<div class=\"pt-cv-content\">Desculpe, este conte\u00fado s\u00f3 est\u00e1 dispon\u00edvel em Nederlands ...<br \/><div class=\"pt-cv-rmwrap\"><a href=\"https:\/\/www.calvoscasas.com\/pt\/e-150-000-ref-713-919\/\" class=\"_self pt-cv-readmore btn btn-success cvplbd\" target=\"_self\">Read More<\/a><\/div><\/div><\/div><\/div>\n<div class=\"col-md-2 col-sm-3 col-xs-4 pt-cv-content-item pt-cv-1-col\"  data-pid=\"990\"><div class='pt-cv-ifield'><a href=\"https:\/\/www.calvoscasas.com\/pt\/e-150-000-ref-401-206\/\" class=\"_self pt-cv-href-thumbnail pt-cv-thumb-default cvplbd\" target=\"_self\" ><img decoding=\"async\" width=\"400\" src=\"https:\/\/www.calvoscasas.com\/wp-content\/uploads\/2017\/06\/IMG_0462.jpg\" class=\"pt-cv-thumbnail img-none cvp-substitute\" alt=\"\u20ac 150.000 - ref. 401.206\" style=\"width: 400px;\" \/><\/a>\n<h4 class=\"pt-cv-title\"><a href=\"https:\/\/www.calvoscasas.com\/pt\/e-150-000-ref-401-206\/\" class=\"_self cvplbd\" target=\"_self\" >\u20ac 150.000 &#8211; ref. 401.206<\/a><\/h4>\n<div class=\"pt-cv-content\">Dubbel huis met bijgebouwen op ruim stuk goed onderhouden tuingrond op minder dan 5 km. van Cabeceiras de Basto ...<br \/><div class=\"pt-cv-rmwrap\"><a href=\"https:\/\/www.calvoscasas.com\/pt\/e-150-000-ref-401-206\/\" class=\"_self pt-cv-readmore btn btn-success cvplbd\" target=\"_self\">Read More<\/a><\/div><\/div><\/div><\/div>\n<div class=\"col-md-4 col-sm-3 col-xs-4 pt-cv-content-item pt-cv-1-col\"  data-pid=\"1018\"><div class='pt-cv-ifield'><a href=\"https:\/\/www.calvoscasas.com\/pt\/e-150-000-ref-127-501\/\" class=\"_self pt-cv-href-thumbnail pt-cv-thumb-default cvplbd\" target=\"_self\" ><img decoding=\"async\" width=\"400\" src=\"https:\/\/www.calvoscasas.com\/wp-content\/uploads\/2017\/06\/Quinta-do-Martins-Oliveira-10-ha.-grasland-bomen-eigen-bro.jpg\" class=\"pt-cv-thumbnail img-none cvp-substitute\" alt=\"\u20ac 150.000 - ref. 127.501\" style=\"width: 400px;\" \/><\/a>\n<h4 class=\"pt-cv-title\"><a href=\"https:\/\/www.calvoscasas.com\/pt\/e-150-000-ref-127-501\/\" class=\"_self cvplbd\" target=\"_self\" >\u20ac 150.000 &#8211; ref. 127.501<\/a><\/h4>\n<div class=\"pt-cv-content\">10 ha. grond (grasland en bos)met te restaureren quinta + evt. extra woning(en). Eigen waterbron ...<br \/><div class=\"pt-cv-rmwrap\"><a href=\"https:\/\/www.calvoscasas.com\/pt\/e-150-000-ref-127-501\/\" class=\"_self pt-cv-readmore btn btn-success cvplbd\" target=\"_self\">Read More<\/a><\/div><\/div><\/div><\/div>\n<div class=\"col-md-2 col-sm-3 col-xs-4 pt-cv-content-item pt-cv-1-col\"  data-pid=\"1022\"><div class='pt-cv-ifield'><a href=\"https:\/\/www.calvoscasas.com\/pt\/e-155-000-ref-669-714\/\" class=\"_self pt-cv-href-thumbnail pt-cv-thumb-default cvplbd\" target=\"_self\" ><img decoding=\"async\" width=\"400\" src=\"https:\/\/www.calvoscasas.com\/wp-content\/uploads\/2017\/06\/IMG_1097.jpg\" class=\"pt-cv-thumbnail img-none cvp-substitute\" alt=\"\u20ac 155.000 - ref. 669.714\" style=\"width: 400px;\" \/><\/a>\n<h4 class=\"pt-cv-title\"><a href=\"https:\/\/www.calvoscasas.com\/pt\/e-155-000-ref-669-714\/\" class=\"_self cvplbd\" target=\"_self\" >\u20ac 155.000 &#8211; ref. 669.714<\/a><\/h4>\n<div class=\"pt-cv-content\">Gedeeltelijk gerestaureerd huis (muren en dak) met 2 verdiepingen en 1.000 m2 grond. Er is indien gewenst vanaf 2.000 tot ...<br \/><div class=\"pt-cv-rmwrap\"><a href=\"https:\/\/www.calvoscasas.com\/pt\/e-155-000-ref-669-714\/\" class=\"_self pt-cv-readmore btn btn-success cvplbd\" target=\"_self\">Read More<\/a><\/div><\/div><\/div><\/div>\n<div class=\"col-md-2 col-sm-3 col-xs-4 pt-cv-content-item pt-cv-1-col\"  data-pid=\"1071\"><div class='pt-cv-ifield'><a href=\"https:\/\/www.calvoscasas.com\/pt\/e-160-000-ref-544-708\/\" class=\"_self pt-cv-href-thumbnail pt-cv-thumb-default cvplbd\" target=\"_self\" ><img decoding=\"async\" width=\"400\" src=\"https:\/\/www.calvoscasas.com\/wp-content\/uploads\/2017\/06\/1-6.jpg\" class=\"pt-cv-thumbnail img-none cvp-substitute\" alt=\"\u20ac 160.000 - ref. 544.708\" style=\"width: 400px;\" \/><\/a>\n<h4 class=\"pt-cv-title\"><a href=\"https:\/\/www.calvoscasas.com\/pt\/e-160-000-ref-544-708\/\" class=\"_self cvplbd\" target=\"_self\" >\u20ac 160.000 &#8211; ref. 544.708<\/a><\/h4>\n<div class=\"pt-cv-content\">Direct bewoonbare woning met groot overdekt terras en zwembad aan de rand van centrumplaats, dus vrij uitzicht. De woning heeft ...<br \/><div class=\"pt-cv-rmwrap\"><a href=\"https:\/\/www.calvoscasas.com\/pt\/e-160-000-ref-544-708\/\" class=\"_self pt-cv-readmore btn btn-success cvplbd\" target=\"_self\">Read More<\/a><\/div><\/div><\/div><\/div>\n<div class=\"col-md-2 col-sm-3 col-xs-4 pt-cv-content-item pt-cv-1-col\"  data-pid=\"1194\"><div class='pt-cv-ifield'><a href=\"https:\/\/www.calvoscasas.com\/pt\/e-175-000-ref-482-707\/\" class=\"_self pt-cv-href-thumbnail pt-cv-thumb-default cvplbd\" target=\"_self\" ><img decoding=\"async\" width=\"400\" src=\"https:\/\/www.calvoscasas.com\/wp-content\/uploads\/2017\/06\/IMG_2372.jpg\" class=\"pt-cv-thumbnail img-none cvp-substitute\" alt=\"\u20ac 175.000 - ref. 482.707\" style=\"width: 400px;\" \/><\/a>\n<h4 class=\"pt-cv-title\"><a href=\"https:\/\/www.calvoscasas.com\/pt\/e-175-000-ref-482-707\/\" class=\"_self cvplbd\" target=\"_self\" >\u20ac 175.000 &#8211; ref. 482.707<\/a><\/h4>\n<div class=\"pt-cv-content\">Groot huis met aparte kapel en ruim 5.000 m2 vlakke, vruchtbare grond. 2 eigen waterbronnen. De woning is via een ...<br \/><div class=\"pt-cv-rmwrap\"><a href=\"https:\/\/www.calvoscasas.com\/pt\/e-175-000-ref-482-707\/\" class=\"_self pt-cv-readmore btn btn-success cvplbd\" target=\"_self\">Read More<\/a><\/div><\/div><\/div><\/div>\n<div class=\"col-md-2 col-sm-3 col-xs-4 pt-cv-content-item pt-cv-1-col\"  data-pid=\"1275\"><div class='pt-cv-ifield'><a href=\"https:\/\/www.calvoscasas.com\/pt\/portugues-e-189-000-ref-503-907\/\" class=\"_self pt-cv-href-thumbnail pt-cv-thumb-default cvplbd\" target=\"_self\" ><img decoding=\"async\" width=\"400\" src=\"https:\/\/www.calvoscasas.com\/wp-content\/uploads\/2017\/06\/1-7.jpg\" class=\"pt-cv-thumbnail img-none cvp-substitute\" alt=\"\u20ac 189.000 - ref. 503.907\" style=\"width: 400px;\" \/><\/a>\n<h4 class=\"pt-cv-title\"><a href=\"https:\/\/www.calvoscasas.com\/pt\/portugues-e-189-000-ref-503-907\/\" class=\"_self cvplbd\" target=\"_self\" >\u20ac 189.000 &#8211; ref. 503.907<\/a><\/h4>\n<div class=\"pt-cv-content\">Moderne, dubbele woning met dubbele garage, tuin en prive zwembad. Heel veel ruimte en privacy op slechts enkele km. van ...<br \/><div class=\"pt-cv-rmwrap\"><a href=\"https:\/\/www.calvoscasas.com\/pt\/portugues-e-189-000-ref-503-907\/\" class=\"_self pt-cv-readmore btn btn-success cvplbd\" target=\"_self\">Read More<\/a><\/div><\/div><\/div><\/div>\n<div class=\"col-md-4 col-sm-3 col-xs-4 pt-cv-content-item pt-cv-1-col\"  data-pid=\"1325\"><div class='pt-cv-ifield'><a href=\"https:\/\/www.calvoscasas.com\/pt\/portugues-e-190-000-ref-220-802\/\" class=\"_self pt-cv-href-thumbnail pt-cv-thumb-default cvplbd\" target=\"_self\" ><img decoding=\"async\" width=\"400\" src=\"https:\/\/www.calvoscasas.com\/wp-content\/uploads\/2017\/06\/P1010025.jpg\" class=\"pt-cv-thumbnail img-none cvp-substitute\" alt=\"\u20ac 190.000 - ref. 220.802\" style=\"width: 400px;\" \/><\/a>\n<h4 class=\"pt-cv-title\"><a href=\"https:\/\/www.calvoscasas.com\/pt\/portugues-e-190-000-ref-220-802\/\" class=\"_self cvplbd\" target=\"_self\" >\u20ac 190.000 &#8211; ref. 220.802<\/a><\/h4>\n<div class=\"pt-cv-content\">Te restaureren quinta met twee verdiepingen van ong. 110 m2. op 10 ha. grond met wijnranken, olijfbomen, canastro (maisopslag) e.d ...<br \/><div class=\"pt-cv-rmwrap\"><a href=\"https:\/\/www.calvoscasas.com\/pt\/portugues-e-190-000-ref-220-802\/\" class=\"_self pt-cv-readmore btn btn-success cvplbd\" target=\"_self\">Read More<\/a><\/div><\/div><\/div><\/div>\n<div class=\"col-md-2 col-sm-3 col-xs-4 pt-cv-content-item pt-cv-1-col\"  data-pid=\"1334\"><div class='pt-cv-ifield'><a href=\"https:\/\/www.calvoscasas.com\/pt\/portugues-e-230-000-ref-696-916\/\" class=\"_self pt-cv-href-thumbnail pt-cv-thumb-default cvplbd\" target=\"_self\" ><img decoding=\"async\" width=\"400\" src=\"https:\/\/www.calvoscasas.com\/wp-content\/uploads\/2017\/06\/IMG_1731.jpg\" class=\"pt-cv-thumbnail img-none cvp-substitute\" alt=\"\u20ac 239.000 - ref. 696.916\" style=\"width: 400px;\" \/><\/a>\n<h4 class=\"pt-cv-title\"><a href=\"https:\/\/www.calvoscasas.com\/pt\/portugues-e-230-000-ref-696-916\/\" class=\"_self cvplbd\" target=\"_self\" >\u20ac 239.000 &#8211; ref. 696.916<\/a><\/h4>\n<div class=\"pt-cv-content\">Voor wie rustig wil wonen met veel privacy en een mooi uitzicht is dit een kans! Ondanks de rustige ligging ...<br \/><div class=\"pt-cv-rmwrap\"><a href=\"https:\/\/www.calvoscasas.com\/pt\/portugues-e-230-000-ref-696-916\/\" class=\"_self pt-cv-readmore btn btn-success cvplbd\" target=\"_self\">Read More<\/a><\/div><\/div><\/div><\/div>\n<div class=\"col-md-2 col-sm-3 col-xs-4 pt-cv-content-item pt-cv-1-col\"  data-pid=\"3381\"><div class='pt-cv-ifield'><a href=\"https:\/\/www.calvoscasas.com\/pt\/e-197-500-ref-719-120\/\" class=\"_self pt-cv-href-thumbnail pt-cv-thumb-default cvplbd\" target=\"_self\" ><img loading=\"lazy\" decoding=\"async\" width=\"400\" height=\"300\" style=\"max-height: 300px;\" src=\"https:\/\/www.calvoscasas.com\/wp-content\/plugins\/pt-content-views-pro\/public\/assets\/images\/default_image.png\" class=\"pt-cv-thumbnail img-none not-found\" alt=\"(Nederlands) \u20ac 197.500 - ref. 719.120\" \/><\/a>\n<h4 class=\"pt-cv-title\"><a href=\"https:\/\/www.calvoscasas.com\/pt\/e-197-500-ref-719-120\/\" class=\"_self cvplbd\" target=\"_self\" >(Nederlands) \u20ac 197.500 &#8211; ref. 719.120<\/a><\/h4>\n<div class=\"pt-cv-content\">Desculpe, este conte\u00fado s\u00f3 est\u00e1 dispon\u00edvel em Nederlands ...<br \/><div class=\"pt-cv-rmwrap\"><a href=\"https:\/\/www.calvoscasas.com\/pt\/e-197-500-ref-719-120\/\" class=\"_self pt-cv-readmore btn btn-success cvplbd\" target=\"_self\">Read More<\/a><\/div><\/div><\/div><\/div>\n<div class=\"col-md-2 col-sm-3 col-xs-4 pt-cv-content-item pt-cv-1-col\"  data-pid=\"1441\"><div class='pt-cv-ifield'><a href=\"https:\/\/www.calvoscasas.com\/pt\/e-210-000-ref-476-607\/\" class=\"_self pt-cv-href-thumbnail pt-cv-thumb-default cvplbd\" target=\"_self\" ><img decoding=\"async\" width=\"400\" src=\"https:\/\/www.calvoscasas.com\/wp-content\/uploads\/2017\/06\/IMG_2255.jpg\" class=\"pt-cv-thumbnail img-none cvp-substitute\" alt=\"\u20ac 210.000 - ref. 476.607\" style=\"width: 400px;\" \/><\/a>\n<h4 class=\"pt-cv-title\"><a href=\"https:\/\/www.calvoscasas.com\/pt\/e-210-000-ref-476-607\/\" class=\"_self cvplbd\" target=\"_self\" >\u20ac 210.000 &#8211; ref. 476.607<\/a><\/h4>\n<div class=\"pt-cv-content\">Zeer groot granieten pand met wijngaard en notenbomen net buiten Cabeceiras de Basto. Zo bent u vlakbij alle voorzieningen en ...<br \/><div class=\"pt-cv-rmwrap\"><a href=\"https:\/\/www.calvoscasas.com\/pt\/e-210-000-ref-476-607\/\" class=\"_self pt-cv-readmore btn btn-success cvplbd\" target=\"_self\">Read More<\/a><\/div><\/div><\/div><\/div>\n<div class=\"col-md-2 col-sm-3 col-xs-4 pt-cv-content-item pt-cv-1-col\"  data-pid=\"3129\"><div class='pt-cv-ifield'><a href=\"https:\/\/www.calvoscasas.com\/pt\/e-220-000-ref-713-918\/\" class=\"_self pt-cv-href-thumbnail pt-cv-thumb-default cvplbd\" target=\"_self\" ><img loading=\"lazy\" decoding=\"async\" width=\"400\" height=\"300\" style=\"max-height: 300px;\" src=\"https:\/\/www.calvoscasas.com\/wp-content\/plugins\/pt-content-views-pro\/public\/assets\/images\/default_image.png\" class=\"pt-cv-thumbnail img-none not-found\" alt=\"(Nederlands) \u20ac 220.000 ref. 713.918\" \/><\/a>\n<h4 class=\"pt-cv-title\"><a href=\"https:\/\/www.calvoscasas.com\/pt\/e-220-000-ref-713-918\/\" class=\"_self cvplbd\" target=\"_self\" >(Nederlands) \u20ac 220.000 ref. 713.918<\/a><\/h4>\n<div class=\"pt-cv-content\">Desculpe, este conte\u00fado s\u00f3 est\u00e1 dispon\u00edvel em Nederlands ...<br \/><div class=\"pt-cv-rmwrap\"><a href=\"https:\/\/www.calvoscasas.com\/pt\/e-220-000-ref-713-918\/\" class=\"_self pt-cv-readmore btn btn-success cvplbd\" target=\"_self\">Read More<\/a><\/div><\/div><\/div><\/div>\n<div class=\"col-md-4 col-sm-3 col-xs-4 pt-cv-content-item pt-cv-1-col\"  data-pid=\"1525\"><div class='pt-cv-ifield'><a href=\"https:\/\/www.calvoscasas.com\/pt\/e-220-000-ref-349-1104\/\" class=\"_self pt-cv-href-thumbnail pt-cv-thumb-default cvplbd\" target=\"_self\" ><img decoding=\"async\" width=\"400\" src=\"https:\/\/www.calvoscasas.com\/wp-content\/uploads\/2017\/06\/PA140009.jpg\" class=\"pt-cv-thumbnail img-none cvp-substitute\" alt=\"\u20ac 220.000 - ref. 349.1104\" style=\"width: 400px;\" \/><\/a>\n<h4 class=\"pt-cv-title\"><a href=\"https:\/\/www.calvoscasas.com\/pt\/e-220-000-ref-349-1104\/\" class=\"_self cvplbd\" target=\"_self\" >\u20ac 220.000 &#8211; ref. 349.1104<\/a><\/h4>\n<div class=\"pt-cv-content\">Ruime woning van drie verdiepingen in een buitenwijk van Fafe. Grote tuin. Het pand is van een Portugese familie die ...<br \/><div class=\"pt-cv-rmwrap\"><a href=\"https:\/\/www.calvoscasas.com\/pt\/e-220-000-ref-349-1104\/\" class=\"_self pt-cv-readmore btn btn-success cvplbd\" target=\"_self\">Read More<\/a><\/div><\/div><\/div><\/div>\n<div class=\"col-md-2 col-sm-3 col-xs-4 pt-cv-content-item pt-cv-1-col\"  data-pid=\"1534\"><div class='pt-cv-ifield'><a href=\"https:\/\/www.calvoscasas.com\/pt\/e-220-000-ref-361-603\/\" class=\"_self pt-cv-href-thumbnail pt-cv-thumb-default cvplbd\" target=\"_self\" ><img decoding=\"async\" width=\"400\" src=\"https:\/\/www.calvoscasas.com\/wp-content\/uploads\/2017\/06\/IMG_0075.jpg\" class=\"pt-cv-thumbnail img-none cvp-substitute\" alt=\"\u20ac 220.000 - ref. 361.603\" style=\"width: 400px;\" \/><\/a>\n<h4 class=\"pt-cv-title\"><a href=\"https:\/\/www.calvoscasas.com\/pt\/e-220-000-ref-361-603\/\" class=\"_self cvplbd\" target=\"_self\" >\u20ac 220.000 &#8211; ref. 361.603<\/a><\/h4>\n<div class=\"pt-cv-content\">Direct bewoonbare woning met flinke, omheinde tuin aan de buitenrand van Celorico de Basto. Voor wie rustig wil wonen en ...<br \/><div class=\"pt-cv-rmwrap\"><a href=\"https:\/\/www.calvoscasas.com\/pt\/e-220-000-ref-361-603\/\" class=\"_self pt-cv-readmore btn btn-success cvplbd\" target=\"_self\">Read More<\/a><\/div><\/div><\/div><\/div>\n<div class=\"col-md-2 col-sm-3 col-xs-4 pt-cv-content-item pt-cv-1-col\"  data-pid=\"2532\"><div class='pt-cv-ifield'><a href=\"https:\/\/www.calvoscasas.com\/pt\/e-229-000-ref-710-1117\/\" class=\"_self pt-cv-href-thumbnail pt-cv-thumb-default cvplbd\" target=\"_self\" ><img loading=\"lazy\" decoding=\"async\" width=\"400\" height=\"300\" style=\"max-height: 300px;\" src=\"https:\/\/www.calvoscasas.com\/wp-content\/plugins\/pt-content-views-pro\/public\/assets\/images\/default_image.png\" class=\"pt-cv-thumbnail img-none not-found\" alt=\"\u20ac 229.000 - ref. 710.1117\" \/><\/a>\n<h4 class=\"pt-cv-title\"><a href=\"https:\/\/www.calvoscasas.com\/pt\/e-229-000-ref-710-1117\/\" class=\"_self cvplbd\" target=\"_self\" >\u20ac 229.000 &#8211; ref. 710.1117<\/a><\/h4>\n<div class=\"pt-cv-content\">Desculpe, este conte\u00fado s\u00f3 est\u00e1 dispon\u00edvel em Nederlands ...<br \/><div class=\"pt-cv-rmwrap\"><a href=\"https:\/\/www.calvoscasas.com\/pt\/e-229-000-ref-710-1117\/\" class=\"_self pt-cv-readmore btn btn-success cvplbd\" target=\"_self\">Read More<\/a><\/div><\/div><\/div><\/div>\n<div class=\"col-md-2 col-sm-3 col-xs-4 pt-cv-content-item pt-cv-1-col\"  data-pid=\"1567\"><div class='pt-cv-ifield'><a href=\"https:\/\/www.calvoscasas.com\/pt\/e-240-000-ref-632-412\/\" class=\"_self pt-cv-href-thumbnail pt-cv-thumb-default cvplbd\" target=\"_self\" ><img decoding=\"async\" width=\"400\" src=\"https:\/\/www.calvoscasas.com\/wp-content\/uploads\/2017\/06\/P1030220.jpg\" class=\"pt-cv-thumbnail img-none cvp-substitute\" alt=\"\u20ac 240.000 - ref. 632.412\" style=\"width: 400px;\" \/><\/a>\n<h4 class=\"pt-cv-title\"><a href=\"https:\/\/www.calvoscasas.com\/pt\/e-240-000-ref-632-412\/\" class=\"_self cvplbd\" target=\"_self\" >\u20ac 240.000 &#8211; ref. 632.412<\/a><\/h4>\n<div class=\"pt-cv-content\">Dit authentieke, granieten huis werd gekocht door een Portugees koppel dat hier zijn eigen paradijsje wilde scheppen. De rustige, zonnige ...<br \/><div class=\"pt-cv-rmwrap\"><a href=\"https:\/\/www.calvoscasas.com\/pt\/e-240-000-ref-632-412\/\" class=\"_self pt-cv-readmore btn btn-success cvplbd\" target=\"_self\">Read More<\/a><\/div><\/div><\/div><\/div>\n<div class=\"col-md-2 col-sm-3 col-xs-4 pt-cv-content-item pt-cv-1-col\"  data-pid=\"1588\"><div class='pt-cv-ifield'><a href=\"https:\/\/www.calvoscasas.com\/pt\/e-245-000-ref-315-1003\/\" class=\"_self pt-cv-href-thumbnail pt-cv-thumb-default cvplbd\" target=\"_self\" ><img decoding=\"async\" width=\"400\" src=\"https:\/\/www.calvoscasas.com\/wp-content\/uploads\/2017\/06\/PA290013.jpg\" class=\"pt-cv-thumbnail img-none cvp-substitute\" alt=\"\u20ac 245.000 - ref. 315.1003\" style=\"width: 400px;\" \/><\/a>\n<h4 class=\"pt-cv-title\"><a href=\"https:\/\/www.calvoscasas.com\/pt\/e-245-000-ref-315-1003\/\" class=\"_self cvplbd\" target=\"_self\" >\u20ac 245.000 &#8211; ref. 315.1003<\/a><\/h4>\n<div class=\"pt-cv-content\">Een bijzonder groot huis van drie verdiepingen met flinke tuin aan de rand van het dorp. Goede toegangswegen en slechts ...<br \/><div class=\"pt-cv-rmwrap\"><a href=\"https:\/\/www.calvoscasas.com\/pt\/e-245-000-ref-315-1003\/\" class=\"_self pt-cv-readmore btn btn-success cvplbd\" target=\"_self\">Read More<\/a><\/div><\/div><\/div><\/div>\n<div class=\"col-md-4 col-sm-3 col-xs-4 pt-cv-content-item pt-cv-1-col\"  data-pid=\"4398\"><div class='pt-cv-ifield'><a href=\"https:\/\/www.calvoscasas.com\/pt\/e-250-000-ref-807-922\/\" class=\"_self pt-cv-href-thumbnail pt-cv-thumb-default cvplbd\" target=\"_self\" ><img decoding=\"async\" width=\"400\" src=\"https:\/\/www.calvoscasas.com\/wp-content\/uploads\/2022\/09\/IMG_3103-1.jpg\" class=\"pt-cv-thumbnail img-none cvp-substitute\" alt=\"\u20ac250.000 - ref. 807.922\" style=\"width: 400px;\" \/><\/a>\n<h4 class=\"pt-cv-title\"><a href=\"https:\/\/www.calvoscasas.com\/pt\/e-250-000-ref-807-922\/\" class=\"_self cvplbd\" target=\"_self\" >\u20ac250.000 &#8211; ref. 807.922<\/a><\/h4>\n<div class=\"pt-cv-content\">Vrijstaande Woning (150 M2) Met Priv\u00e9 Tuin In Seraf\u00e3o. Deze ruime vrijstaande woning bevindt zich in Seraf\u00e3o (gemeente Fafe) op ...<br \/><div class=\"pt-cv-rmwrap\"><a href=\"https:\/\/www.calvoscasas.com\/pt\/e-250-000-ref-807-922\/\" class=\"_self pt-cv-readmore btn btn-success cvplbd\" target=\"_self\">Read More<\/a><\/div><\/div><\/div><\/div>\n<div class=\"col-md-2 col-sm-3 col-xs-4 pt-cv-content-item pt-cv-1-col\"  data-pid=\"4674\"><div class='pt-cv-ifield'><a href=\"https:\/\/www.calvoscasas.com\/pt\/250-000e-ref-819-1024-prachtige-gereconstrueerde-woning-met-grond-en-uitzicht\/\" class=\"_self pt-cv-href-thumbnail pt-cv-thumb-default cvplbd\" target=\"_self\" ><img decoding=\"async\" width=\"400\" src=\"https:\/\/www.calvoscasas.com\/wp-content\/uploads\/2024\/11\/1-Quinta-Estrela-Amarela-1024x498.jpg\" class=\"pt-cv-thumbnail img-none cvp-substitute\" alt=\"250.000\u20ac - ref. 819-1024 Casa com belas vistas em 1 ha.\" style=\"width: 400px;\" \/><\/a>\n<h4 class=\"pt-cv-title\"><a href=\"https:\/\/www.calvoscasas.com\/pt\/250-000e-ref-819-1024-prachtige-gereconstrueerde-woning-met-grond-en-uitzicht\/\" class=\"_self cvplbd\" target=\"_self\" >250.000\u20ac &#8211; ref. 819-1024 Casa com belas vistas em 1 ha.<\/a><\/h4>\n<div class=\"pt-cv-content\">QUINTA ESTRELA AMARELA Se procura uma casa tranquila e encantadora, com muito espa\u00e7o exterior, esta \u00e9 a sua oportunidade! Esta ...<br \/><div class=\"pt-cv-rmwrap\"><a href=\"https:\/\/www.calvoscasas.com\/pt\/250-000e-ref-819-1024-prachtige-gereconstrueerde-woning-met-grond-en-uitzicht\/\" class=\"_self pt-cv-readmore btn btn-success cvplbd\" target=\"_self\">Read More<\/a><\/div><\/div><\/div><\/div>\n<div class=\"col-md-2 col-sm-3 col-xs-4 pt-cv-content-item pt-cv-1-col\"  data-pid=\"1872\"><div class='pt-cv-ifield'><a href=\"https:\/\/www.calvoscasas.com\/pt\/e-250-000-ref-413-606\/\" class=\"_self pt-cv-href-thumbnail pt-cv-thumb-default cvplbd\" target=\"_self\" ><img decoding=\"async\" width=\"400\" src=\"https:\/\/www.calvoscasas.com\/wp-content\/uploads\/2017\/06\/IMG_1199.jpg\" class=\"pt-cv-thumbnail img-none cvp-substitute\" alt=\"\u20ac 250.000 - ref. 413.606\" style=\"width: 400px;\" \/><\/a>\n<h4 class=\"pt-cv-title\"><a href=\"https:\/\/www.calvoscasas.com\/pt\/e-250-000-ref-413-606\/\" class=\"_self cvplbd\" target=\"_self\" >\u20ac 250.000 &#8211; ref. 413.606<\/a><\/h4>\n<div class=\"pt-cv-content\">Pand van historische waarde met ruime extra pachterswoning op zo&#8217;n 3 ha. vruchtbare grond langs een riviertje. Het pand dient ...<br \/><div class=\"pt-cv-rmwrap\"><a href=\"https:\/\/www.calvoscasas.com\/pt\/e-250-000-ref-413-606\/\" class=\"_self pt-cv-readmore btn btn-success cvplbd\" target=\"_self\">Read More<\/a><\/div><\/div><\/div><\/div>\n<div class=\"col-md-2 col-sm-3 col-xs-4 pt-cv-content-item pt-cv-1-col\"  data-pid=\"1663\"><div class='pt-cv-ifield'><a href=\"https:\/\/www.calvoscasas.com\/pt\/e-275-000-ref-277-103\/\" class=\"_self pt-cv-href-thumbnail pt-cv-thumb-default cvplbd\" target=\"_self\" ><img decoding=\"async\" width=\"400\" src=\"https:\/\/www.calvoscasas.com\/wp-content\/uploads\/2017\/06\/NP-277-voorgevel.jpg\" class=\"pt-cv-thumbnail img-none cvp-substitute\" alt=\"\u20ac 275.000 - ref. 277.103\" style=\"width: 400px;\" \/><\/a>\n<h4 class=\"pt-cv-title\"><a href=\"https:\/\/www.calvoscasas.com\/pt\/e-275-000-ref-277-103\/\" class=\"_self cvplbd\" target=\"_self\" >\u20ac 275.000 &#8211; ref. 277.103<\/a><\/h4>\n<div class=\"pt-cv-content\">Groot dubbel woonhuis met in totaal 3 verdiepingen. De 2 bovenste verdiepingen hebben een oppervlakte van + 280 m2. De ...<br \/><div class=\"pt-cv-rmwrap\"><a href=\"https:\/\/www.calvoscasas.com\/pt\/e-275-000-ref-277-103\/\" class=\"_self pt-cv-readmore btn btn-success cvplbd\" target=\"_self\">Read More<\/a><\/div><\/div><\/div><\/div>\n<div class=\"col-md-2 col-sm-3 col-xs-4 pt-cv-content-item pt-cv-1-col\"  data-pid=\"1772\"><div class='pt-cv-ifield'><a href=\"https:\/\/www.calvoscasas.com\/pt\/e-325-000-ref-275-1102\/\" class=\"_self pt-cv-href-thumbnail pt-cv-thumb-default cvplbd\" target=\"_self\" ><img decoding=\"async\" width=\"400\" src=\"https:\/\/www.calvoscasas.com\/wp-content\/uploads\/2017\/06\/NP-275-overzicht-1.jpg\" class=\"pt-cv-thumbnail img-none cvp-substitute\" alt=\"\u20ac 450.000 - ref. 275.1102\" style=\"width: 400px;\" \/><\/a>\n<h4 class=\"pt-cv-title\"><a href=\"https:\/\/www.calvoscasas.com\/pt\/e-325-000-ref-275-1102\/\" class=\"_self cvplbd\" target=\"_self\" >\u20ac 450.000 &#8211; ref. 275.1102<\/a><\/h4>\n<div class=\"pt-cv-content\">Ruim pand op droomlocatie! Het pand werd voorheen gebruikt als restaurant met gastenkamers. Het pand is eigendom van een sociedade ...<br \/><div class=\"pt-cv-rmwrap\"><a href=\"https:\/\/www.calvoscasas.com\/pt\/e-325-000-ref-275-1102\/\" class=\"_self pt-cv-readmore btn btn-success cvplbd\" target=\"_self\">Read More<\/a><\/div><\/div><\/div><\/div>\n<div class=\"col-md-4 col-sm-3 col-xs-4 pt-cv-content-item pt-cv-1-col\"  data-pid=\"1996\"><div class='pt-cv-ifield'><a href=\"https:\/\/www.calvoscasas.com\/pt\/e-600-000-ref-519-1107\/\" class=\"_self pt-cv-href-thumbnail pt-cv-thumb-default cvplbd\" target=\"_self\" ><img decoding=\"async\" width=\"400\" src=\"https:\/\/www.calvoscasas.com\/wp-content\/uploads\/2017\/06\/2-13.jpg\" class=\"pt-cv-thumbnail img-none cvp-substitute\" alt=\"\u20ac 600.000 - ref. 519.1107\" style=\"width: 400px;\" \/><\/a>\n<h4 class=\"pt-cv-title\"><a href=\"https:\/\/www.calvoscasas.com\/pt\/e-600-000-ref-519-1107\/\" class=\"_self cvplbd\" target=\"_self\" >\u20ac 600.000 &#8211; ref. 519.1107<\/a><\/h4>\n<div class=\"pt-cv-content\">Deze grote woning van 300 m2 met daaronder garage\/bergruimte, een zwembad en een groot bedrijfsgebouw ligt in Fermil de Basto ...<br \/><div class=\"pt-cv-rmwrap\"><a href=\"https:\/\/www.calvoscasas.com\/pt\/e-600-000-ref-519-1107\/\" class=\"_self pt-cv-readmore btn btn-success cvplbd\" target=\"_self\">Read More<\/a><\/div><\/div><\/div><\/div>\n<div class=\"col-md-2 col-sm-3 col-xs-4 pt-cv-content-item pt-cv-1-col\"  data-pid=\"4577\"><div class='pt-cv-ifield'><a href=\"https:\/\/www.calvoscasas.com\/pt\/e-850-000-ref-817-1223\/\" class=\"_self pt-cv-href-thumbnail pt-cv-thumb-default cvplbd\" target=\"_self\" ><img decoding=\"async\" width=\"400\" src=\"https:\/\/www.calvoscasas.com\/wp-content\/uploads\/2024\/07\/IMG_2187.jpg\" class=\"pt-cv-thumbnail img-none cvp-substitute\" alt=\"\u20ac 850.000 - ref. 817.1223\" style=\"width: 400px;\" \/><\/a>\n<h4 class=\"pt-cv-title\"><a href=\"https:\/\/www.calvoscasas.com\/pt\/e-850-000-ref-817-1223\/\" class=\"_self cvplbd\" target=\"_self\" >\u20ac 850.000 &#8211; ref. 817.1223<\/a><\/h4>\n<div class=\"pt-cv-content\">Quinta met B&amp;B , zwembad en veel grond. De quinta is omgeven door prachtige natuur en biedt volop mogelijkheden voor ...<br \/><div class=\"pt-cv-rmwrap\"><a href=\"https:\/\/www.calvoscasas.com\/pt\/e-850-000-ref-817-1223\/\" class=\"_self pt-cv-readmore btn btn-success cvplbd\" target=\"_self\">Read More<\/a><\/div><\/div><\/div><\/div><\/div><\/div><\/div>\t\t\t<style type=\"text\/css\" id=\"pt-cv-inline-style-989bb02dva\">#pt-cv-view-3201b6bu6z.pt-cv-post-border .pt-cv-content-item   { border-top-style: solid; border-left-style: solid; }\n#pt-cv-view-3201b6bu6z .pt-cv-title a, #pt-cv-view-3201b6bu6z  .panel-title { font-weight: 600 !important; }\n#pt-cv-view-3201b6bu6z .pt-cv-readmore  { color: #ffffff !important; background-color: #00aeef !important; }\n#pt-cv-view-3201b6bu6z .pt-cv-readmore:hover  { color: #ffffff !important; background-color: #00aeef !important; }\n#pt-cv-view-3201b6bu6z  + .pt-cv-pagination-wrapper .pt-cv-more , #pt-cv-view-3201b6bu6z  + .pt-cv-pagination-wrapper .pagination .active a { color: #ffffff !important; background-color: #00aeef !important; }<\/style>","protected":false},"excerpt":{"rendered":"<p>Novos objectos s\u00e3o regularmente adicionados ao nosso site para lhe dar uma impress\u00e3o das possibilidades. No entanto, continua a ser apenas uma pequena selec\u00e7\u00e3o da oferta total. As fotografias n\u00e3o dizem tudo, mas d\u00e3o uma impress\u00e3o e esperamos poder despertar o seu interesse por esta bela \u00e1rea com a sua popula\u00e7\u00e3o simp\u00e1tica e hospitaleira. Tem [&hellip;]<\/p>\n","protected":false},"author":2,"featured_media":0,"parent":0,"menu_order":0,"comment_status":"closed","ping_status":"open","template":"page-templates\/page_fullwidth.php","meta":{"om_disable_all_campaigns":false,"footnotes":""},"class_list":["post-2","page","type-page","status-publish","hentry"],"aioseo_notices":[],"yoast_head":"<!-- This site is optimized with the Yoast SEO plugin v27.5 - https:\/\/yoast.com\/product\/yoast-seo-wordpress\/ -->\n<title><\/title>\n<meta name=\"description\" content=\"{:nl}Koophuis in Portugal, Huis kopen Portugal, casa, quinta, wijnquinta, vrijstaande woning, uitzicht, zon, zonnig, onroerend goed, bouwgrond, advies, verzekeren, Noord-Portugal, Minho, makelaar, real estate, broker, aanbod huis in Portugal, vakantiehuis, woning, vakantiewoning, nederlandse begeleiding, betrouwbaar, eerlijk, B&amp;B, huurhuis, camping kopen, bouwen in Portugal, chalet, natuur{:}\" \/>\n<meta name=\"robots\" content=\"index, follow, max-snippet:-1, max-image-preview:large, max-video-preview:-1\" \/>\n<link rel=\"canonical\" href=\"https:\/\/www.calvoscasas.com\/\" \/>\n<meta property=\"og:locale\" content=\"pt_PT\" \/>\n<meta property=\"og:type\" content=\"article\" \/>\n<meta property=\"og:title\" content=\"[:nl]Huis kopen in portugal, Huis kopen Portugal,casa, quinta, wijnquinta, vrijstaande woning, uitzicht, zon, zonnig, onroerend goed, bouwgrond, advies, verzekeren, Noord-Portugal, Minho, makelaar, real estate, broker, aanbod huis in Portugal, vakantiehuis, woning, vakantiewoning, nederlandse begeleiding, betrouwbaar, eerlijk, B&amp;B, huurhuis, camping kopen, bouwen in Portugal, chalet, natuur[:]\" \/>\n<meta property=\"og:description\" content=\"{:nl}Koophuis in Portugal, Huis kopen Portugal, casa, quinta, wijnquinta, vrijstaande woning, uitzicht, zon, zonnig, onroerend goed, bouwgrond, advies, verzekeren, Noord-Portugal, Minho, makelaar, real estate, broker, aanbod huis in Portugal, vakantiehuis, woning, vakantiewoning, nederlandse begeleiding, betrouwbaar, eerlijk, B&amp;B, huurhuis, camping kopen, bouwen in Portugal, chalet, natuur{:}\" \/>\n<meta property=\"og:url\" content=\"https:\/\/www.calvoscasas.com\/\" \/>\n<meta property=\"og:site_name\" content=\"Calvos Casas\" \/>\n<meta property=\"article:modified_time\" content=\"2021-12-07T18:18:12+00:00\" \/>\n<meta name=\"twitter:card\" content=\"summary_large_image\" \/>\n<meta name=\"twitter:label1\" content=\"Tempo estimado de leitura\" \/>\n\t<meta name=\"twitter:data1\" content=\"2 minutos\" \/>\n<script type=\"application\/ld+json\" class=\"yoast-schema-graph\">{\"@context\":\"https:\\\/\\\/schema.org\",\"@graph\":[{\"@type\":\"WebPage\",\"@id\":\"https:\\\/\\\/www.calvoscasas.com\\\/\",\"url\":\"https:\\\/\\\/www.calvoscasas.com\\\/\",\"name\":\"[:nl]Huis kopen in portugal, Huis kopen Portugal,casa, quinta, wijnquinta, vrijstaande woning, uitzicht, zon, zonnig, onroerend goed, bouwgrond, advies, verzekeren, Noord-Portugal, Minho, makelaar, real estate, broker, aanbod huis in Portugal, vakantiehuis, woning, vakantiewoning, nederlandse begeleiding, betrouwbaar, eerlijk, B&B, huurhuis, camping kopen, bouwen in Portugal, chalet, natuur[:]\",\"isPartOf\":{\"@id\":\"https:\\\/\\\/www.calvoscasas.com\\\/#website\"},\"datePublished\":\"2017-02-25T16:43:26+00:00\",\"dateModified\":\"2021-12-07T18:18:12+00:00\",\"description\":\"{:nl}Koophuis in Portugal, Huis kopen Portugal, casa, quinta, wijnquinta, vrijstaande woning, uitzicht, zon, zonnig, onroerend goed, bouwgrond, advies, verzekeren, Noord-Portugal, Minho, makelaar, real estate, broker, aanbod huis in Portugal, vakantiehuis, woning, vakantiewoning, nederlandse begeleiding, betrouwbaar, eerlijk, B&B, huurhuis, camping kopen, bouwen in Portugal, chalet, natuur{:}\",\"breadcrumb\":{\"@id\":\"https:\\\/\\\/www.calvoscasas.com\\\/#breadcrumb\"},\"inLanguage\":\"pt-PT\",\"potentialAction\":[{\"@type\":\"ReadAction\",\"target\":[\"https:\\\/\\\/www.calvoscasas.com\\\/\"]}]},{\"@type\":\"BreadcrumbList\",\"@id\":\"https:\\\/\\\/www.calvoscasas.com\\\/#breadcrumb\",\"itemListElement\":[{\"@type\":\"ListItem\",\"position\":1,\"name\":\"Home\",\"item\":\"https:\\\/\\\/www.calvoscasas.com\\\/\"},{\"@type\":\"ListItem\",\"position\":2,\"name\":\"Aanbod\"}]},{\"@type\":\"WebSite\",\"@id\":\"https:\\\/\\\/www.calvoscasas.com\\\/#website\",\"url\":\"https:\\\/\\\/www.calvoscasas.com\\\/\",\"name\":\"Calvos Casas\",\"description\":\"AMI 20736\",\"potentialAction\":[{\"@type\":\"SearchAction\",\"target\":{\"@type\":\"EntryPoint\",\"urlTemplate\":\"https:\\\/\\\/www.calvoscasas.com\\\/?s={search_term_string}\"},\"query-input\":{\"@type\":\"PropertyValueSpecification\",\"valueRequired\":true,\"valueName\":\"search_term_string\"}}],\"inLanguage\":\"pt-PT\"}]}<\/script>\n<!-- \/ Yoast SEO plugin. -->","yoast_head_json":{"title":"[:nl]Huis kopen in portugal, Huis kopen Portugal,casa, quinta, wijnquinta, vrijstaande woning, uitzicht, zon, zonnig, onroerend goed, bouwgrond, advies, verzekeren, Noord-Portugal, Minho, makelaar, real estate, broker, aanbod huis in Portugal, vakantiehuis, woning, vakantiewoning, nederlandse begeleiding, betrouwbaar, eerlijk, B&B, huurhuis, camping kopen, bouwen in Portugal, chalet, natuur[:]","description":"{:nl}Koophuis in Portugal, Huis kopen Portugal, casa, quinta, wijnquinta, vrijstaande woning, uitzicht, zon, zonnig, onroerend goed, bouwgrond, advies, verzekeren, Noord-Portugal, Minho, makelaar, real estate, broker, aanbod huis in Portugal, vakantiehuis, woning, vakantiewoning, nederlandse begeleiding, betrouwbaar, eerlijk, B&B, huurhuis, camping kopen, bouwen in Portugal, chalet, natuur{:}","robots":{"index":"index","follow":"follow","max-snippet":"max-snippet:-1","max-image-preview":"max-image-preview:large","max-video-preview":"max-video-preview:-1"},"canonical":"https:\/\/www.calvoscasas.com\/","og_locale":"pt_PT","og_type":"article","og_title":"[:nl]Huis kopen in portugal, Huis kopen Portugal,casa, quinta, wijnquinta, vrijstaande woning, uitzicht, zon, zonnig, onroerend goed, bouwgrond, advies, verzekeren, Noord-Portugal, Minho, makelaar, real estate, broker, aanbod huis in Portugal, vakantiehuis, woning, vakantiewoning, nederlandse begeleiding, betrouwbaar, eerlijk, B&B, huurhuis, camping kopen, bouwen in Portugal, chalet, natuur[:]","og_description":"{:nl}Koophuis in Portugal, Huis kopen Portugal, casa, quinta, wijnquinta, vrijstaande woning, uitzicht, zon, zonnig, onroerend goed, bouwgrond, advies, verzekeren, Noord-Portugal, Minho, makelaar, real estate, broker, aanbod huis in Portugal, vakantiehuis, woning, vakantiewoning, nederlandse begeleiding, betrouwbaar, eerlijk, B&B, huurhuis, camping kopen, bouwen in Portugal, chalet, natuur{:}","og_url":"https:\/\/www.calvoscasas.com\/","og_site_name":"Calvos Casas","article_modified_time":"2021-12-07T18:18:12+00:00","twitter_card":"summary_large_image","twitter_misc":{"Tempo estimado de leitura":"2 minutos"},"schema":{"@context":"https:\/\/schema.org","@graph":[{"@type":"WebPage","@id":"https:\/\/www.calvoscasas.com\/","url":"https:\/\/www.calvoscasas.com\/","name":"[:nl]Huis kopen in portugal, Huis kopen Portugal,casa, quinta, wijnquinta, vrijstaande woning, uitzicht, zon, zonnig, onroerend goed, bouwgrond, advies, verzekeren, Noord-Portugal, Minho, makelaar, real estate, broker, aanbod huis in Portugal, vakantiehuis, woning, vakantiewoning, nederlandse begeleiding, betrouwbaar, eerlijk, B&B, huurhuis, camping kopen, bouwen in Portugal, chalet, natuur[:]","isPartOf":{"@id":"https:\/\/www.calvoscasas.com\/#website"},"datePublished":"2017-02-25T16:43:26+00:00","dateModified":"2021-12-07T18:18:12+00:00","description":"{:nl}Koophuis in Portugal, Huis kopen Portugal, casa, quinta, wijnquinta, vrijstaande woning, uitzicht, zon, zonnig, onroerend goed, bouwgrond, advies, verzekeren, Noord-Portugal, Minho, makelaar, real estate, broker, aanbod huis in Portugal, vakantiehuis, woning, vakantiewoning, nederlandse begeleiding, betrouwbaar, eerlijk, B&B, huurhuis, camping kopen, bouwen in Portugal, chalet, natuur{:}","breadcrumb":{"@id":"https:\/\/www.calvoscasas.com\/#breadcrumb"},"inLanguage":"pt-PT","potentialAction":[{"@type":"ReadAction","target":["https:\/\/www.calvoscasas.com\/"]}]},{"@type":"BreadcrumbList","@id":"https:\/\/www.calvoscasas.com\/#breadcrumb","itemListElement":[{"@type":"ListItem","position":1,"name":"Home","item":"https:\/\/www.calvoscasas.com\/"},{"@type":"ListItem","position":2,"name":"Aanbod"}]},{"@type":"WebSite","@id":"https:\/\/www.calvoscasas.com\/#website","url":"https:\/\/www.calvoscasas.com\/","name":"Calvos Casas","description":"AMI 20736","potentialAction":[{"@type":"SearchAction","target":{"@type":"EntryPoint","urlTemplate":"https:\/\/www.calvoscasas.com\/?s={search_term_string}"},"query-input":{"@type":"PropertyValueSpecification","valueRequired":true,"valueName":"search_term_string"}}],"inLanguage":"pt-PT"}]}},"_links":{"self":[{"href":"https:\/\/www.calvoscasas.com\/pt\/wp-json\/wp\/v2\/pages\/2","targetHints":{"allow":["GET"]}}],"collection":[{"href":"https:\/\/www.calvoscasas.com\/pt\/wp-json\/wp\/v2\/pages"}],"about":[{"href":"https:\/\/www.calvoscasas.com\/pt\/wp-json\/wp\/v2\/types\/page"}],"author":[{"embeddable":true,"href":"https:\/\/www.calvoscasas.com\/pt\/wp-json\/wp\/v2\/users\/2"}],"replies":[{"embeddable":true,"href":"https:\/\/www.calvoscasas.com\/pt\/wp-json\/wp\/v2\/comments?post=2"}],"version-history":[{"count":13,"href":"https:\/\/www.calvoscasas.com\/pt\/wp-json\/wp\/v2\/pages\/2\/revisions"}],"predecessor-version":[{"id":4218,"href":"https:\/\/www.calvoscasas.com\/pt\/wp-json\/wp\/v2\/pages\/2\/revisions\/4218"}],"wp:attachment":[{"href":"https:\/\/www.calvoscasas.com\/pt\/wp-json\/wp\/v2\/media?parent=2"}],"curies":[{"name":"wp","href":"https:\/\/api.w.org\/{rel}","templated":true}]}}